{"id":1159,"date":"2026-02-14T15:59:28","date_gmt":"2026-02-14T15:59:28","guid":{"rendered":"https:\/\/pfaddervisionaere.de\/?page_id=1159"},"modified":"2026-03-09T18:38:39","modified_gmt":"2026-03-09T18:38:39","slug":"interviews-zu-europa-2","status":"publish","type":"page","link":"https:\/\/pfaddervisionaere.de\/en\/interviews-zu-europa-2","title":{"rendered":"Interviews zu Europa"},"content":{"rendered":"<p>W\u00e4hrend der Aktion EUROPA? \u2013 BESSER ZUSAMMEN! wurden am 21. und 22. Oktober 2025 auf dem Mehringplatz Interviews mit Nachbar*innen und Besucher*innen gef\u00fchrt.<\/p>\n\n\n\n<div class=\"wp-block-columns is-layout-flex wp-container-core-columns-is-layout-9d6595d7 wp-block-columns-is-layout-flex\">\n<div class=\"wp-block-column is-layout-flow wp-block-column-is-layout-flow\">\n<figure class=\"wp-block-image size-full\"><a href=\"https:\/\/pfaddervisionaere.de\/wp-content\/uploads\/2026\/videos\/video_2.mp4\" target=\"_blank\" rel=\" noreferrer noopener\"><img loading=\"lazy\" decoding=\"async\" width=\"522\" height=\"396\" src=\"https:\/\/pfaddervisionaere.de\/wp-content\/uploads\/2026\/02\/2-1.jpg\" alt=\"\" class=\"wp-image-1183\" srcset=\"https:\/\/pfaddervisionaere.de\/wp-content\/uploads\/2026\/02\/2-1.jpg 522w, https:\/\/pfaddervisionaere.de\/wp-content\/uploads\/2026\/02\/2-1-300x228.jpg 300w, https:\/\/pfaddervisionaere.de\/wp-content\/uploads\/2026\/02\/2-1-16x12.jpg 16w\" sizes=\"auto, (max-width: 522px) 100vw, 522px\" \/><\/a><\/figure>\n\n\n\n<p>&#8222;Gemeinsam sind wir st\u00e4rker.&#8220;<\/p>\n<\/div>\n\n\n\n<div class=\"wp-block-column is-layout-flow wp-block-column-is-layout-flow\">\n<figure class=\"wp-block-image size-full\"><a href=\"https:\/\/pfaddervisionaere.de\/wp-content\/uploads\/2026\/videos\/video_3.mp4\" target=\"_blank\" rel=\" noreferrer noopener\"><img loading=\"lazy\" decoding=\"async\" width=\"522\" height=\"396\" src=\"https:\/\/pfaddervisionaere.de\/wp-content\/uploads\/2026\/02\/3-1.jpg\" alt=\"\" class=\"wp-image-1184\" srcset=\"https:\/\/pfaddervisionaere.de\/wp-content\/uploads\/2026\/02\/3-1.jpg 522w, https:\/\/pfaddervisionaere.de\/wp-content\/uploads\/2026\/02\/3-1-300x228.jpg 300w, https:\/\/pfaddervisionaere.de\/wp-content\/uploads\/2026\/02\/3-1-16x12.jpg 16w\" sizes=\"auto, (max-width: 522px) 100vw, 522px\" \/><\/a><\/figure>\n\n\n\n<p>&#8222;Eine Freiheit f\u00fcr die ganze europ\u00e4ische Bev\u00f6lkerung.&#8220;<\/p>\n<\/div>\n\n\n\n<div class=\"wp-block-column is-layout-flow wp-block-column-is-layout-flow\">\n<figure class=\"wp-block-image size-full\"><a href=\"https:\/\/pfaddervisionaere.de\/wp-content\/uploads\/2026\/videos\/video_4.mp4\" target=\"_blank\" rel=\" noreferrer noopener\"><img loading=\"lazy\" decoding=\"async\" width=\"522\" height=\"396\" src=\"https:\/\/pfaddervisionaere.de\/wp-content\/uploads\/2026\/02\/4-1.jpg\" alt=\"\" class=\"wp-image-1185\" srcset=\"https:\/\/pfaddervisionaere.de\/wp-content\/uploads\/2026\/02\/4-1.jpg 522w, https:\/\/pfaddervisionaere.de\/wp-content\/uploads\/2026\/02\/4-1-300x228.jpg 300w, https:\/\/pfaddervisionaere.de\/wp-content\/uploads\/2026\/02\/4-1-16x12.jpg 16w\" sizes=\"auto, (max-width: 522px) 100vw, 522px\" \/><\/a><\/figure>\n\n\n\n<p>&#8222;Europa verbindet viele Sprachen, Kulturen, eine bewegte Geschichte.&#8220;<\/p>\n<\/div>\n<\/div>\n\n\n\n<div class=\"wp-block-columns is-layout-flex wp-container-core-columns-is-layout-9d6595d7 wp-block-columns-is-layout-flex\">\n<div class=\"wp-block-column is-layout-flow wp-block-column-is-layout-flow\">\n<figure class=\"wp-block-image size-full\"><a href=\"https:\/\/pfaddervisionaere.de\/wp-content\/uploads\/2026\/videos\/video_5.mp4\" target=\"_blank\" rel=\" noreferrer noopener\"><img loading=\"lazy\" decoding=\"async\" width=\"522\" height=\"396\" src=\"https:\/\/pfaddervisionaere.de\/wp-content\/uploads\/2026\/02\/5-1.jpg\" alt=\"\" class=\"wp-image-1186\" srcset=\"https:\/\/pfaddervisionaere.de\/wp-content\/uploads\/2026\/02\/5-1.jpg 522w, https:\/\/pfaddervisionaere.de\/wp-content\/uploads\/2026\/02\/5-1-300x228.jpg 300w, https:\/\/pfaddervisionaere.de\/wp-content\/uploads\/2026\/02\/5-1-16x12.jpg 16w\" sizes=\"auto, (max-width: 522px) 100vw, 522px\" \/><\/a><\/figure>\n\n\n\n<p>&#8222;Ich w\u00fcnsche mir, dass da eine bessere Zusammenarbeit funktionieren w\u00fcrde.&#8220;<\/p>\n<\/div>\n\n\n\n<div class=\"wp-block-column is-layout-flow wp-block-column-is-layout-flow\">\n<figure class=\"wp-block-image size-full\"><a href=\"https:\/\/pfaddervisionaere.de\/wp-content\/uploads\/2026\/videos\/video_6.mp4\" target=\"_blank\" rel=\" noreferrer noopener\"><img loading=\"lazy\" decoding=\"async\" width=\"522\" height=\"396\" src=\"https:\/\/pfaddervisionaere.de\/wp-content\/uploads\/2026\/02\/6-1.jpg\" alt=\"\" class=\"wp-image-1187\" srcset=\"https:\/\/pfaddervisionaere.de\/wp-content\/uploads\/2026\/02\/6-1.jpg 522w, https:\/\/pfaddervisionaere.de\/wp-content\/uploads\/2026\/02\/6-1-300x228.jpg 300w, https:\/\/pfaddervisionaere.de\/wp-content\/uploads\/2026\/02\/6-1-16x12.jpg 16w\" sizes=\"auto, (max-width: 522px) 100vw, 522px\" \/><\/a><\/figure>\n\n\n\n<p>&#8222;Europa sollte mehr Geld ausgeben f\u00fcr Krankenh\u00e4user, Senioren und die Stra\u00dfen.&#8220;<\/p>\n<\/div>\n\n\n\n<div class=\"wp-block-column is-layout-flow wp-block-column-is-layout-flow\">\n<figure class=\"wp-block-image size-full\"><a href=\"https:\/\/pfaddervisionaere.de\/wp-content\/uploads\/2026\/videos\/video_7.mp4\" target=\"_blank\" rel=\" noreferrer noopener\"><img loading=\"lazy\" decoding=\"async\" width=\"522\" height=\"396\" src=\"https:\/\/pfaddervisionaere.de\/wp-content\/uploads\/2026\/02\/7-1.jpg\" alt=\"\" class=\"wp-image-1188\" srcset=\"https:\/\/pfaddervisionaere.de\/wp-content\/uploads\/2026\/02\/7-1.jpg 522w, https:\/\/pfaddervisionaere.de\/wp-content\/uploads\/2026\/02\/7-1-300x228.jpg 300w, https:\/\/pfaddervisionaere.de\/wp-content\/uploads\/2026\/02\/7-1-16x12.jpg 16w\" sizes=\"auto, (max-width: 522px) 100vw, 522px\" \/><\/a><\/figure>\n\n\n\n<p>&#8222;Die gemeinsame Politik verbindet Europa.&#8220;<\/p>\n<\/div>\n<\/div>\n\n\n\n<div class=\"wp-block-columns is-layout-flex wp-container-core-columns-is-layout-9d6595d7 wp-block-columns-is-layout-flex\">\n<div class=\"wp-block-column is-layout-flow wp-block-column-is-layout-flow\">\n<figure class=\"wp-block-image size-full\"><a href=\"https:\/\/pfaddervisionaere.de\/wp-content\/uploads\/2026\/videos\/video_8.mp4\" target=\"_blank\" rel=\" noreferrer noopener\"><img loading=\"lazy\" decoding=\"async\" width=\"522\" height=\"396\" src=\"https:\/\/pfaddervisionaere.de\/wp-content\/uploads\/2026\/02\/8-1.jpg\" alt=\"\" class=\"wp-image-1189\" srcset=\"https:\/\/pfaddervisionaere.de\/wp-content\/uploads\/2026\/02\/8-1.jpg 522w, https:\/\/pfaddervisionaere.de\/wp-content\/uploads\/2026\/02\/8-1-300x228.jpg 300w, https:\/\/pfaddervisionaere.de\/wp-content\/uploads\/2026\/02\/8-1-16x12.jpg 16w\" sizes=\"auto, (max-width: 522px) 100vw, 522px\" \/><\/a><\/figure>\n\n\n\n<p>&#8222;Geld, St\u00e4rke, Arbeit.&#8220;<\/p>\n<\/div>\n\n\n\n<div class=\"wp-block-column is-layout-flow wp-block-column-is-layout-flow\">\n<figure class=\"wp-block-image size-full\"><a href=\"https:\/\/pfaddervisionaere.de\/wp-content\/uploads\/2026\/videos\/video_9.mp4\" target=\"_blank\" rel=\" noreferrer noopener\"><img loading=\"lazy\" decoding=\"async\" width=\"522\" height=\"396\" src=\"https:\/\/pfaddervisionaere.de\/wp-content\/uploads\/2026\/02\/9-1.jpg\" alt=\"\" class=\"wp-image-1190\" srcset=\"https:\/\/pfaddervisionaere.de\/wp-content\/uploads\/2026\/02\/9-1.jpg 522w, https:\/\/pfaddervisionaere.de\/wp-content\/uploads\/2026\/02\/9-1-300x228.jpg 300w, https:\/\/pfaddervisionaere.de\/wp-content\/uploads\/2026\/02\/9-1-16x12.jpg 16w\" sizes=\"auto, (max-width: 522px) 100vw, 522px\" \/><\/a><\/figure>\n\n\n\n<p>&#8222;Europa verbindet die Solidarit\u00e4t, vor allem in Krisen.&#8220;<\/p>\n<\/div>\n\n\n\n<div class=\"wp-block-column is-layout-flow wp-block-column-is-layout-flow\">\n<figure class=\"wp-block-image size-full\"><a href=\"https:\/\/pfaddervisionaere.de\/wp-content\/uploads\/2026\/videos\/video_10.mp4\" target=\"_blank\" rel=\" noreferrer noopener\"><img loading=\"lazy\" decoding=\"async\" width=\"522\" height=\"396\" src=\"https:\/\/pfaddervisionaere.de\/wp-content\/uploads\/2026\/02\/10-1.jpg\" alt=\"\" class=\"wp-image-1191\" srcset=\"https:\/\/pfaddervisionaere.de\/wp-content\/uploads\/2026\/02\/10-1.jpg 522w, https:\/\/pfaddervisionaere.de\/wp-content\/uploads\/2026\/02\/10-1-300x228.jpg 300w, https:\/\/pfaddervisionaere.de\/wp-content\/uploads\/2026\/02\/10-1-16x12.jpg 16w\" sizes=\"auto, (max-width: 522px) 100vw, 522px\" \/><\/a><\/figure>\n\n\n\n<p>&#8222;Demokratie, Vielfalt und verschiedene Kulturen verbindet die europ\u00e4ischen L\u00e4nder.&#8220;<\/p>\n<\/div>\n<\/div>\n\n\n\n<div class=\"wp-block-columns is-layout-flex wp-container-core-columns-is-layout-9d6595d7 wp-block-columns-is-layout-flex\">\n<div class=\"wp-block-column is-layout-flow wp-block-column-is-layout-flow\">\n<figure class=\"wp-block-image size-full\"><a href=\"https:\/\/pfaddervisionaere.de\/wp-content\/uploads\/2026\/videos\/video_11.mp4\" target=\"_blank\" rel=\" noreferrer noopener\"><img loading=\"lazy\" decoding=\"async\" width=\"522\" height=\"396\" src=\"https:\/\/pfaddervisionaere.de\/wp-content\/uploads\/2026\/02\/11-1.jpg\" alt=\"\" class=\"wp-image-1192\" srcset=\"https:\/\/pfaddervisionaere.de\/wp-content\/uploads\/2026\/02\/11-1.jpg 522w, https:\/\/pfaddervisionaere.de\/wp-content\/uploads\/2026\/02\/11-1-300x228.jpg 300w, https:\/\/pfaddervisionaere.de\/wp-content\/uploads\/2026\/02\/11-1-16x12.jpg 16w\" sizes=\"auto, (max-width: 522px) 100vw, 522px\" \/><\/a><\/figure>\n\n\n\n<p>&#8222;Mehr Verst\u00e4ndnis und Toleranz f\u00fcreinander haben.&#8220;<\/p>\n<\/div>\n\n\n\n<div class=\"wp-block-column is-layout-flow wp-block-column-is-layout-flow\">\n<figure class=\"wp-block-image size-full\"><a href=\"https:\/\/pfaddervisionaere.de\/wp-content\/uploads\/2026\/videos\/video_12.mp4\"><img loading=\"lazy\" decoding=\"async\" width=\"522\" height=\"396\" src=\"https:\/\/pfaddervisionaere.de\/wp-content\/uploads\/2026\/03\/12.jpg\" alt=\"\" class=\"wp-image-1203\" srcset=\"https:\/\/pfaddervisionaere.de\/wp-content\/uploads\/2026\/03\/12.jpg 522w, https:\/\/pfaddervisionaere.de\/wp-content\/uploads\/2026\/03\/12-300x228.jpg 300w, https:\/\/pfaddervisionaere.de\/wp-content\/uploads\/2026\/03\/12-16x12.jpg 16w\" sizes=\"auto, (max-width: 522px) 100vw, 522px\" \/><\/a><\/figure>\n\n\n\n<p>&#8222;We share lot of history together.&#8220;<\/p>\n<\/div>\n\n\n\n<div class=\"wp-block-column is-layout-flow wp-block-column-is-layout-flow\">\n<figure class=\"wp-block-image size-full\"><a href=\"https:\/\/pfaddervisionaere.de\/wp-content\/uploads\/2026\/videos\/video_13.mp4\"><img loading=\"lazy\" decoding=\"async\" width=\"522\" height=\"396\" src=\"https:\/\/pfaddervisionaere.de\/wp-content\/uploads\/2026\/03\/13.jpg\" alt=\"\" class=\"wp-image-1204\" srcset=\"https:\/\/pfaddervisionaere.de\/wp-content\/uploads\/2026\/03\/13.jpg 522w, https:\/\/pfaddervisionaere.de\/wp-content\/uploads\/2026\/03\/13-300x228.jpg 300w, https:\/\/pfaddervisionaere.de\/wp-content\/uploads\/2026\/03\/13-16x12.jpg 16w\" sizes=\"auto, (max-width: 522px) 100vw, 522px\" \/><\/a><\/figure>\n\n\n\n<p>&#8222;Democracy&#8220;<\/p>\n<\/div>\n<\/div>\n\n\n\n<div class=\"wp-block-columns is-layout-flex wp-container-core-columns-is-layout-9d6595d7 wp-block-columns-is-layout-flex\">\n<div class=\"wp-block-column is-layout-flow wp-block-column-is-layout-flow\">\n<figure class=\"wp-block-image size-full\"><a href=\"https:\/\/pfaddervisionaere.de\/wp-content\/uploads\/2026\/videos\/video_14.mp4\"><img loading=\"lazy\" decoding=\"async\" width=\"522\" height=\"396\" src=\"https:\/\/pfaddervisionaere.de\/wp-content\/uploads\/2026\/03\/14.jpg\" alt=\"\" class=\"wp-image-1205\" srcset=\"https:\/\/pfaddervisionaere.de\/wp-content\/uploads\/2026\/03\/14.jpg 522w, https:\/\/pfaddervisionaere.de\/wp-content\/uploads\/2026\/03\/14-300x228.jpg 300w, https:\/\/pfaddervisionaere.de\/wp-content\/uploads\/2026\/03\/14-16x12.jpg 16w\" sizes=\"auto, (max-width: 522px) 100vw, 522px\" \/><\/a><\/figure>\n\n\n\n<p>&#8222;We have common values.&#8220;<\/p>\n<\/div>\n\n\n\n<div class=\"wp-block-column is-layout-flow wp-block-column-is-layout-flow\">\n<figure class=\"wp-block-image size-full\"><a href=\"https:\/\/pfaddervisionaere.de\/wp-content\/uploads\/2026\/videos\/video_15.mp4\"><img loading=\"lazy\" decoding=\"async\" width=\"522\" height=\"396\" src=\"https:\/\/pfaddervisionaere.de\/wp-content\/uploads\/2026\/03\/15.jpg\" alt=\"\" class=\"wp-image-1206\" srcset=\"https:\/\/pfaddervisionaere.de\/wp-content\/uploads\/2026\/03\/15.jpg 522w, https:\/\/pfaddervisionaere.de\/wp-content\/uploads\/2026\/03\/15-300x228.jpg 300w, https:\/\/pfaddervisionaere.de\/wp-content\/uploads\/2026\/03\/15-16x12.jpg 16w\" sizes=\"auto, (max-width: 522px) 100vw, 522px\" \/><\/a><\/figure>\n\n\n\n<p>&#8222;Was leider ein bisschen abhanden gekommen ist: Menschenrechte.&#8220;<\/p>\n<\/div>\n\n\n\n<div class=\"wp-block-column is-layout-flow wp-block-column-is-layout-flow\">\n<figure class=\"wp-block-image size-full\"><a href=\"https:\/\/pfaddervisionaere.de\/wp-content\/uploads\/2026\/videos\/video_16.mp4\"><img loading=\"lazy\" decoding=\"async\" width=\"522\" height=\"396\" src=\"https:\/\/pfaddervisionaere.de\/wp-content\/uploads\/2026\/03\/16.jpg\" alt=\"\" class=\"wp-image-1207\" srcset=\"https:\/\/pfaddervisionaere.de\/wp-content\/uploads\/2026\/03\/16.jpg 522w, https:\/\/pfaddervisionaere.de\/wp-content\/uploads\/2026\/03\/16-300x228.jpg 300w, https:\/\/pfaddervisionaere.de\/wp-content\/uploads\/2026\/03\/16-16x12.jpg 16w\" sizes=\"auto, (max-width: 522px) 100vw, 522px\" \/><\/a><\/figure>\n\n\n\n<p>&#8222;Es ist zerkl\u00fcftet.&#8220;<\/p>\n<\/div>\n<\/div>\n\n\n\n<div class=\"wp-block-columns is-layout-flex wp-container-core-columns-is-layout-9d6595d7 wp-block-columns-is-layout-flex\">\n<div class=\"wp-block-column is-layout-flow wp-block-column-is-layout-flow\">\n<figure class=\"wp-block-image size-full\"><a href=\"https:\/\/pfaddervisionaere.de\/wp-content\/uploads\/2026\/videos\/video_17.mp4\"><img loading=\"lazy\" decoding=\"async\" width=\"522\" height=\"396\" src=\"https:\/\/pfaddervisionaere.de\/wp-content\/uploads\/2026\/03\/17.jpg\" alt=\"\" class=\"wp-image-1208\" srcset=\"https:\/\/pfaddervisionaere.de\/wp-content\/uploads\/2026\/03\/17.jpg 522w, https:\/\/pfaddervisionaere.de\/wp-content\/uploads\/2026\/03\/17-300x228.jpg 300w, https:\/\/pfaddervisionaere.de\/wp-content\/uploads\/2026\/03\/17-16x12.jpg 16w\" sizes=\"auto, (max-width: 522px) 100vw, 522px\" \/><\/a><\/figure>\n\n\n\n<p>&#8222;Education, health system, security.&#8220;<\/p>\n<\/div>\n\n\n\n<div class=\"wp-block-column is-layout-flow wp-block-column-is-layout-flow\">\n<figure class=\"wp-block-image size-full\"><a href=\"https:\/\/pfaddervisionaere.de\/wp-content\/uploads\/2026\/videos\/video_18.mp4\"><img loading=\"lazy\" decoding=\"async\" width=\"522\" height=\"396\" src=\"https:\/\/pfaddervisionaere.de\/wp-content\/uploads\/2026\/03\/18.jpg\" alt=\"\" class=\"wp-image-1209\" srcset=\"https:\/\/pfaddervisionaere.de\/wp-content\/uploads\/2026\/03\/18.jpg 522w, https:\/\/pfaddervisionaere.de\/wp-content\/uploads\/2026\/03\/18-300x228.jpg 300w, https:\/\/pfaddervisionaere.de\/wp-content\/uploads\/2026\/03\/18-16x12.jpg 16w\" sizes=\"auto, (max-width: 522px) 100vw, 522px\" \/><\/a><\/figure>\n\n\n\n<p>&#8222;Human rights.&#8220;<\/p>\n<\/div>\n\n\n\n<div class=\"wp-block-column is-layout-flow wp-block-column-is-layout-flow\">\n<figure class=\"wp-block-image size-full\"><a href=\"https:\/\/pfaddervisionaere.de\/wp-content\/uploads\/2026\/videos\/video_19.mp4\"><img loading=\"lazy\" decoding=\"async\" width=\"522\" height=\"396\" src=\"https:\/\/pfaddervisionaere.de\/wp-content\/uploads\/2026\/03\/19.jpg\" alt=\"\" class=\"wp-image-1210\" srcset=\"https:\/\/pfaddervisionaere.de\/wp-content\/uploads\/2026\/03\/19.jpg 522w, https:\/\/pfaddervisionaere.de\/wp-content\/uploads\/2026\/03\/19-300x228.jpg 300w, https:\/\/pfaddervisionaere.de\/wp-content\/uploads\/2026\/03\/19-16x12.jpg 16w\" sizes=\"auto, (max-width: 522px) 100vw, 522px\" \/><\/a><\/figure>\n\n\n\n<p>&#8222;Meine Vision: Viel mehr Gemeinschaft leben, aber alle d\u00fcrfen ihre Kulturen bewahren.&#8220;<\/p>\n<\/div>\n<\/div>\n\n\n\n<div class=\"wp-block-columns is-layout-flex wp-container-core-columns-is-layout-9d6595d7 wp-block-columns-is-layout-flex\">\n<div class=\"wp-block-column is-layout-flow wp-block-column-is-layout-flow\">\n<figure class=\"wp-block-image size-full\"><a href=\"https:\/\/pfaddervisionaere.de\/wp-content\/uploads\/2026\/videos\/video_20.mp4\"><img loading=\"lazy\" decoding=\"async\" width=\"522\" height=\"396\" src=\"https:\/\/pfaddervisionaere.de\/wp-content\/uploads\/2026\/03\/20.jpg\" alt=\"\" class=\"wp-image-1211\" srcset=\"https:\/\/pfaddervisionaere.de\/wp-content\/uploads\/2026\/03\/20.jpg 522w, https:\/\/pfaddervisionaere.de\/wp-content\/uploads\/2026\/03\/20-300x228.jpg 300w, https:\/\/pfaddervisionaere.de\/wp-content\/uploads\/2026\/03\/20-16x12.jpg 16w\" sizes=\"auto, (max-width: 522px) 100vw, 522px\" \/><\/a><\/figure>\n\n\n\n<p>&#8222;Weniger Separatismus, mehr Zusammenhalt.&#8220;<\/p>\n<\/div>\n\n\n\n<div class=\"wp-block-column is-layout-flow wp-block-column-is-layout-flow\">\n<figure class=\"wp-block-image size-full\"><a href=\"https:\/\/pfaddervisionaere.de\/wp-content\/uploads\/2026\/videos\/video_21.mp4\"><img loading=\"lazy\" decoding=\"async\" width=\"522\" height=\"396\" src=\"https:\/\/pfaddervisionaere.de\/wp-content\/uploads\/2026\/03\/21.jpg\" alt=\"\" class=\"wp-image-1212\" srcset=\"https:\/\/pfaddervisionaere.de\/wp-content\/uploads\/2026\/03\/21.jpg 522w, https:\/\/pfaddervisionaere.de\/wp-content\/uploads\/2026\/03\/21-300x228.jpg 300w, https:\/\/pfaddervisionaere.de\/wp-content\/uploads\/2026\/03\/21-16x12.jpg 16w\" sizes=\"auto, (max-width: 522px) 100vw, 522px\" \/><\/a><\/figure>\n\n\n\n<p><\/p>\n<\/div>\n\n\n\n<div class=\"wp-block-column is-layout-flow wp-block-column-is-layout-flow\">\n<figure class=\"wp-block-image size-full\"><a href=\"https:\/\/pfaddervisionaere.de\/wp-content\/uploads\/2026\/videos\/video_22.mp4\"><img loading=\"lazy\" decoding=\"async\" width=\"522\" height=\"396\" src=\"https:\/\/pfaddervisionaere.de\/wp-content\/uploads\/2026\/03\/23.jpg\" alt=\"\" class=\"wp-image-1214\" srcset=\"https:\/\/pfaddervisionaere.de\/wp-content\/uploads\/2026\/03\/23.jpg 522w, https:\/\/pfaddervisionaere.de\/wp-content\/uploads\/2026\/03\/23-300x228.jpg 300w, https:\/\/pfaddervisionaere.de\/wp-content\/uploads\/2026\/03\/23-16x12.jpg 16w\" sizes=\"auto, (max-width: 522px) 100vw, 522px\" \/><\/a><\/figure>\n\n\n\n<p>&#8222;Every country has something unique to offer.&#8220;<\/p>\n<\/div>\n<\/div>\n\n\n\n<div class=\"wp-block-columns is-layout-flex wp-container-core-columns-is-layout-9d6595d7 wp-block-columns-is-layout-flex\">\n<div class=\"wp-block-column is-layout-flow wp-block-column-is-layout-flow\">\n<figure class=\"wp-block-image size-full\"><a href=\"https:\/\/pfaddervisionaere.de\/wp-content\/uploads\/2026\/videos\/video_23.mp4\"><img loading=\"lazy\" decoding=\"async\" width=\"522\" height=\"396\" src=\"https:\/\/pfaddervisionaere.de\/wp-content\/uploads\/2026\/03\/22.jpg\" alt=\"\" class=\"wp-image-1213\" srcset=\"https:\/\/pfaddervisionaere.de\/wp-content\/uploads\/2026\/03\/22.jpg 522w, https:\/\/pfaddervisionaere.de\/wp-content\/uploads\/2026\/03\/22-300x228.jpg 300w, https:\/\/pfaddervisionaere.de\/wp-content\/uploads\/2026\/03\/22-16x12.jpg 16w\" sizes=\"auto, (max-width: 522px) 100vw, 522px\" \/><\/a><\/figure>\n\n\n\n<p>&#8222;Europe is the leader in democracy now.&#8220;<\/p>\n<\/div>\n\n\n\n<div class=\"wp-block-column is-layout-flow wp-block-column-is-layout-flow\">\n<figure class=\"wp-block-image size-full\"><a href=\"https:\/\/pfaddervisionaere.de\/wp-content\/uploads\/2026\/videos\/video_24.mp4\"><img loading=\"lazy\" decoding=\"async\" width=\"522\" height=\"396\" src=\"https:\/\/pfaddervisionaere.de\/wp-content\/uploads\/2026\/03\/24.jpg\" alt=\"\" class=\"wp-image-1215\" srcset=\"https:\/\/pfaddervisionaere.de\/wp-content\/uploads\/2026\/03\/24.jpg 522w, https:\/\/pfaddervisionaere.de\/wp-content\/uploads\/2026\/03\/24-300x228.jpg 300w, https:\/\/pfaddervisionaere.de\/wp-content\/uploads\/2026\/03\/24-16x12.jpg 16w\" sizes=\"auto, (max-width: 522px) 100vw, 522px\" \/><\/a><\/figure>\n\n\n\n<p>&#8222;Mehr Geld ausgeben f\u00fcr Tierschutz, Umweltschutz, mehr soziale Politik.&#8220;<\/p>\n<\/div>\n\n\n\n<div class=\"wp-block-column is-layout-flow wp-block-column-is-layout-flow\">\n<figure class=\"wp-block-image size-full\"><a href=\"https:\/\/pfaddervisionaere.de\/wp-content\/uploads\/2026\/videos\/video_25.mp4\"><img loading=\"lazy\" decoding=\"async\" width=\"522\" height=\"396\" src=\"https:\/\/pfaddervisionaere.de\/wp-content\/uploads\/2026\/03\/25.jpg\" alt=\"\" class=\"wp-image-1216\" srcset=\"https:\/\/pfaddervisionaere.de\/wp-content\/uploads\/2026\/03\/25.jpg 522w, https:\/\/pfaddervisionaere.de\/wp-content\/uploads\/2026\/03\/25-300x228.jpg 300w, https:\/\/pfaddervisionaere.de\/wp-content\/uploads\/2026\/03\/25-16x12.jpg 16w\" sizes=\"auto, (max-width: 522px) 100vw, 522px\" \/><\/a><\/figure>\n\n\n\n<p>&#8222;Die M\u00f6glichkeit, ohne Probleme von einem Land ins andere zu kommen.&#8220;<\/p>\n<\/div>\n<\/div>\n\n\n\n<div class=\"wp-block-columns is-layout-flex wp-container-core-columns-is-layout-9d6595d7 wp-block-columns-is-layout-flex\">\n<div class=\"wp-block-column is-layout-flow wp-block-column-is-layout-flow\">\n<figure class=\"wp-block-image size-full\"><a href=\"https:\/\/pfaddervisionaere.de\/wp-content\/uploads\/2026\/videos\/video_26.mp4\"><img loading=\"lazy\" decoding=\"async\" width=\"522\" height=\"396\" src=\"https:\/\/pfaddervisionaere.de\/wp-content\/uploads\/2026\/03\/26.jpg\" alt=\"\" class=\"wp-image-1217\" srcset=\"https:\/\/pfaddervisionaere.de\/wp-content\/uploads\/2026\/03\/26.jpg 522w, https:\/\/pfaddervisionaere.de\/wp-content\/uploads\/2026\/03\/26-300x228.jpg 300w, https:\/\/pfaddervisionaere.de\/wp-content\/uploads\/2026\/03\/26-16x12.jpg 16w\" sizes=\"auto, (max-width: 522px) 100vw, 522px\" \/><\/a><\/figure>\n\n\n\n<p>\u201eManches was in Europa politisch entschieden wird, sollte auf nationaler Ebene bleiben d\u00fcrfen.\u201c<\/p>\n<\/div>\n\n\n\n<div class=\"wp-block-column is-layout-flow wp-block-column-is-layout-flow\">\n<figure class=\"wp-block-image size-full\"><a href=\"https:\/\/pfaddervisionaere.de\/wp-content\/uploads\/2026\/videos\/video_27.mp4\"><img loading=\"lazy\" decoding=\"async\" width=\"522\" height=\"396\" src=\"https:\/\/pfaddervisionaere.de\/wp-content\/uploads\/2026\/03\/27-1.jpg\" alt=\"\" class=\"wp-image-1249\" srcset=\"https:\/\/pfaddervisionaere.de\/wp-content\/uploads\/2026\/03\/27-1.jpg 522w, https:\/\/pfaddervisionaere.de\/wp-content\/uploads\/2026\/03\/27-1-300x228.jpg 300w, https:\/\/pfaddervisionaere.de\/wp-content\/uploads\/2026\/03\/27-1-16x12.jpg 16w\" sizes=\"auto, (max-width: 522px) 100vw, 522px\" \/><\/a><\/figure>\n\n\n\n<p>\u201eSich gegenseitig helfen.\u201c<\/p>\n<\/div>\n\n\n\n<div class=\"wp-block-column is-layout-flow wp-block-column-is-layout-flow\">\n<figure class=\"wp-block-image size-full\"><a href=\"https:\/\/pfaddervisionaere.de\/wp-content\/uploads\/2026\/videos\/video_28.mp4\"><img loading=\"lazy\" decoding=\"async\" width=\"522\" height=\"396\" src=\"https:\/\/pfaddervisionaere.de\/wp-content\/uploads\/2026\/03\/28-1.jpg\" alt=\"\" class=\"wp-image-1247\" srcset=\"https:\/\/pfaddervisionaere.de\/wp-content\/uploads\/2026\/03\/28-1.jpg 522w, https:\/\/pfaddervisionaere.de\/wp-content\/uploads\/2026\/03\/28-1-300x228.jpg 300w, https:\/\/pfaddervisionaere.de\/wp-content\/uploads\/2026\/03\/28-1-16x12.jpg 16w\" sizes=\"auto, (max-width: 522px) 100vw, 522px\" \/><\/a><\/figure>\n\n\n\n<p>\u201eDeutschland finde ich richtig gut.\u201c<\/p>\n<\/div>\n<\/div>\n\n\n\n<div class=\"wp-block-columns is-layout-flex wp-container-core-columns-is-layout-9d6595d7 wp-block-columns-is-layout-flex\">\n<div class=\"wp-block-column is-layout-flow wp-block-column-is-layout-flow\">\n<figure class=\"wp-block-image size-full\"><a href=\"https:\/\/pfaddervisionaere.de\/wp-content\/uploads\/2026\/videos\/video_29.mp4\"><img loading=\"lazy\" decoding=\"async\" width=\"522\" height=\"396\" src=\"https:\/\/pfaddervisionaere.de\/wp-content\/uploads\/2026\/03\/29-1.jpg\" alt=\"\" class=\"wp-image-1248\" srcset=\"https:\/\/pfaddervisionaere.de\/wp-content\/uploads\/2026\/03\/29-1.jpg 522w, https:\/\/pfaddervisionaere.de\/wp-content\/uploads\/2026\/03\/29-1-300x228.jpg 300w, https:\/\/pfaddervisionaere.de\/wp-content\/uploads\/2026\/03\/29-1-16x12.jpg 16w\" sizes=\"auto, (max-width: 522px) 100vw, 522px\" \/><\/a><\/figure>\n\n\n\n<p>\u201eIch seh keine gro\u00dfen Nachteile darin.\u201c<\/p>\n<\/div>\n\n\n\n<div class=\"wp-block-column is-layout-flow wp-block-column-is-layout-flow\">\n<figure class=\"wp-block-image size-full\"><a href=\"https:\/\/pfaddervisionaere.de\/wp-content\/uploads\/2026\/videos\/Video_30c.mp4\"><img loading=\"lazy\" decoding=\"async\" width=\"522\" height=\"396\" src=\"https:\/\/pfaddervisionaere.de\/wp-content\/uploads\/2026\/03\/30.jpg\" alt=\"\" class=\"wp-image-1221\" srcset=\"https:\/\/pfaddervisionaere.de\/wp-content\/uploads\/2026\/03\/30.jpg 522w, https:\/\/pfaddervisionaere.de\/wp-content\/uploads\/2026\/03\/30-300x228.jpg 300w, https:\/\/pfaddervisionaere.de\/wp-content\/uploads\/2026\/03\/30-16x12.jpg 16w\" sizes=\"auto, (max-width: 522px) 100vw, 522px\" \/><\/a><\/figure>\n\n\n\n<p>\u201eMan lernt die Meinungen von anderen L\u00e4ndern kennen.\u201c<\/p>\n<\/div>\n\n\n\n<div class=\"wp-block-column is-layout-flow wp-block-column-is-layout-flow\">\n<figure class=\"wp-block-image size-full\"><a href=\"https:\/\/pfaddervisionaere.de\/wp-content\/uploads\/2026\/videos\/video_31.mp4\"><img loading=\"lazy\" decoding=\"async\" width=\"522\" height=\"396\" src=\"https:\/\/pfaddervisionaere.de\/wp-content\/uploads\/2026\/03\/31.jpg\" alt=\"\" class=\"wp-image-1222\" srcset=\"https:\/\/pfaddervisionaere.de\/wp-content\/uploads\/2026\/03\/31.jpg 522w, https:\/\/pfaddervisionaere.de\/wp-content\/uploads\/2026\/03\/31-300x228.jpg 300w, https:\/\/pfaddervisionaere.de\/wp-content\/uploads\/2026\/03\/31-16x12.jpg 16w\" sizes=\"auto, (max-width: 522px) 100vw, 522px\" \/><\/a><\/figure>\n\n\n\n<p>\u201eEuropa ist wichtig.\u201c<\/p>\n<\/div>\n<\/div>\n\n\n\n<div class=\"wp-block-columns is-layout-flex wp-container-core-columns-is-layout-9d6595d7 wp-block-columns-is-layout-flex\">\n<div class=\"wp-block-column is-layout-flow wp-block-column-is-layout-flow\">\n<figure class=\"wp-block-image size-full\"><a href=\"https:\/\/pfaddervisionaere.de\/wp-content\/uploads\/2026\/videos\/video_32.mp4\"><img loading=\"lazy\" decoding=\"async\" width=\"522\" height=\"396\" src=\"https:\/\/pfaddervisionaere.de\/wp-content\/uploads\/2026\/03\/32.jpg\" alt=\"\" class=\"wp-image-1223\" srcset=\"https:\/\/pfaddervisionaere.de\/wp-content\/uploads\/2026\/03\/32.jpg 522w, https:\/\/pfaddervisionaere.de\/wp-content\/uploads\/2026\/03\/32-300x228.jpg 300w, https:\/\/pfaddervisionaere.de\/wp-content\/uploads\/2026\/03\/32-16x12.jpg 16w\" sizes=\"auto, (max-width: 522px) 100vw, 522px\" \/><\/a><\/figure>\n\n\n\n<p>\u201eDemokratie, Freiheit, Rechtssicherheit.\u201c<\/p>\n<\/div>\n\n\n\n<div class=\"wp-block-column is-layout-flow wp-block-column-is-layout-flow\">\n<figure class=\"wp-block-image size-full\"><a href=\"https:\/\/pfaddervisionaere.de\/wp-content\/uploads\/2026\/videos\/video_33.mp4\"><img loading=\"lazy\" decoding=\"async\" width=\"522\" height=\"396\" src=\"https:\/\/pfaddervisionaere.de\/wp-content\/uploads\/2026\/03\/33.jpg\" alt=\"\" class=\"wp-image-1224\" srcset=\"https:\/\/pfaddervisionaere.de\/wp-content\/uploads\/2026\/03\/33.jpg 522w, https:\/\/pfaddervisionaere.de\/wp-content\/uploads\/2026\/03\/33-300x228.jpg 300w, https:\/\/pfaddervisionaere.de\/wp-content\/uploads\/2026\/03\/33-16x12.jpg 16w\" sizes=\"auto, (max-width: 522px) 100vw, 522px\" \/><\/a><\/figure>\n\n\n\n<p>\u201eGemeinsame Geschichte seit 1000 Jahren.\u201c<\/p>\n<\/div>\n\n\n\n<div class=\"wp-block-column is-layout-flow wp-block-column-is-layout-flow\">\n<figure class=\"wp-block-image size-full\"><a href=\"https:\/\/pfaddervisionaere.de\/wp-content\/uploads\/2026\/videos\/video_34.mp4\"><img loading=\"lazy\" decoding=\"async\" width=\"522\" height=\"396\" src=\"https:\/\/pfaddervisionaere.de\/wp-content\/uploads\/2026\/03\/34.jpg\" alt=\"\" class=\"wp-image-1225\" srcset=\"https:\/\/pfaddervisionaere.de\/wp-content\/uploads\/2026\/03\/34.jpg 522w, https:\/\/pfaddervisionaere.de\/wp-content\/uploads\/2026\/03\/34-300x228.jpg 300w, https:\/\/pfaddervisionaere.de\/wp-content\/uploads\/2026\/03\/34-16x12.jpg 16w\" sizes=\"auto, (max-width: 522px) 100vw, 522px\" \/><\/a><\/figure>\n\n\n\n<p>\u201eDie verschiedenen Kulturen verbindet Europa.\u201c<\/p>\n<\/div>\n<\/div>\n\n\n\n<div class=\"wp-block-columns is-layout-flex wp-container-core-columns-is-layout-9d6595d7 wp-block-columns-is-layout-flex\">\n<div class=\"wp-block-column is-layout-flow wp-block-column-is-layout-flow\">\n<figure class=\"wp-block-image size-full\"><a href=\"https:\/\/pfaddervisionaere.de\/wp-content\/uploads\/2026\/videos\/video_35.mp4\"><img loading=\"lazy\" decoding=\"async\" width=\"522\" height=\"396\" src=\"https:\/\/pfaddervisionaere.de\/wp-content\/uploads\/2026\/03\/35.jpg\" alt=\"\" class=\"wp-image-1226\" srcset=\"https:\/\/pfaddervisionaere.de\/wp-content\/uploads\/2026\/03\/35.jpg 522w, https:\/\/pfaddervisionaere.de\/wp-content\/uploads\/2026\/03\/35-300x228.jpg 300w, https:\/\/pfaddervisionaere.de\/wp-content\/uploads\/2026\/03\/35-16x12.jpg 16w\" sizes=\"auto, (max-width: 522px) 100vw, 522px\" \/><\/a><\/figure>\n\n\n\n<p>\u201eEs nehmen sich einige zu viel heraus.\u201c<\/p>\n<\/div>\n\n\n\n<div class=\"wp-block-column is-layout-flow wp-block-column-is-layout-flow\">\n<figure class=\"wp-block-image size-full\"><a href=\"https:\/\/pfaddervisionaere.de\/wp-content\/uploads\/2026\/videos\/video_36.mp4\"><img loading=\"lazy\" decoding=\"async\" width=\"522\" height=\"396\" src=\"https:\/\/pfaddervisionaere.de\/wp-content\/uploads\/2026\/03\/36.jpg\" alt=\"\" class=\"wp-image-1227\" srcset=\"https:\/\/pfaddervisionaere.de\/wp-content\/uploads\/2026\/03\/36.jpg 522w, https:\/\/pfaddervisionaere.de\/wp-content\/uploads\/2026\/03\/36-300x228.jpg 300w, https:\/\/pfaddervisionaere.de\/wp-content\/uploads\/2026\/03\/36-16x12.jpg 16w\" sizes=\"auto, (max-width: 522px) 100vw, 522px\" \/><\/a><\/figure>\n\n\n\n<p>\u201eEuropa in 10 Jahren: friedlich.\u201c<\/p>\n<\/div>\n\n\n\n<div class=\"wp-block-column is-layout-flow wp-block-column-is-layout-flow\">\n<figure class=\"wp-block-image size-full\"><a href=\"https:\/\/pfaddervisionaere.de\/wp-content\/uploads\/2026\/videos\/video_37.mp4\"><img loading=\"lazy\" decoding=\"async\" width=\"522\" height=\"396\" src=\"https:\/\/pfaddervisionaere.de\/wp-content\/uploads\/2026\/03\/37.jpg\" alt=\"\" class=\"wp-image-1228\" srcset=\"https:\/\/pfaddervisionaere.de\/wp-content\/uploads\/2026\/03\/37.jpg 522w, https:\/\/pfaddervisionaere.de\/wp-content\/uploads\/2026\/03\/37-300x228.jpg 300w, https:\/\/pfaddervisionaere.de\/wp-content\/uploads\/2026\/03\/37-16x12.jpg 16w\" sizes=\"auto, (max-width: 522px) 100vw, 522px\" \/><\/a><\/figure>\n\n\n\n<p>\u201eDer Mangel an Einigkeit.\u201c<\/p>\n<\/div>\n<\/div>\n\n\n\n<div class=\"wp-block-columns is-layout-flex wp-container-core-columns-is-layout-9d6595d7 wp-block-columns-is-layout-flex\">\n<div class=\"wp-block-column is-layout-flow wp-block-column-is-layout-flow\">\n<figure class=\"wp-block-image size-full\"><a href=\"https:\/\/pfaddervisionaere.de\/wp-content\/uploads\/2026\/videos\/video_38.mp4\"><img loading=\"lazy\" decoding=\"async\" width=\"522\" height=\"396\" src=\"https:\/\/pfaddervisionaere.de\/wp-content\/uploads\/2026\/03\/38.jpg\" alt=\"\" class=\"wp-image-1229\" srcset=\"https:\/\/pfaddervisionaere.de\/wp-content\/uploads\/2026\/03\/38.jpg 522w, https:\/\/pfaddervisionaere.de\/wp-content\/uploads\/2026\/03\/38-300x228.jpg 300w, https:\/\/pfaddervisionaere.de\/wp-content\/uploads\/2026\/03\/38-16x12.jpg 16w\" sizes=\"auto, (max-width: 522px) 100vw, 522px\" \/><\/a><\/figure>\n\n\n\n<p>\u201eDie Freiz\u00fcgigkeit des Arbeitens, des Reisens, des Wohnens \u2013 ist das allen so bewusst?&#8220;<\/p>\n<\/div>\n\n\n\n<div class=\"wp-block-column is-layout-flow wp-block-column-is-layout-flow\">\n<figure class=\"wp-block-image size-full\"><a href=\"https:\/\/pfaddervisionaere.de\/wp-content\/uploads\/2026\/videos\/video_39.mp4\"><img loading=\"lazy\" decoding=\"async\" width=\"522\" height=\"396\" src=\"https:\/\/pfaddervisionaere.de\/wp-content\/uploads\/2026\/03\/39.jpg\" alt=\"\" class=\"wp-image-1230\" srcset=\"https:\/\/pfaddervisionaere.de\/wp-content\/uploads\/2026\/03\/39.jpg 522w, https:\/\/pfaddervisionaere.de\/wp-content\/uploads\/2026\/03\/39-300x228.jpg 300w, https:\/\/pfaddervisionaere.de\/wp-content\/uploads\/2026\/03\/39-16x12.jpg 16w\" sizes=\"auto, (max-width: 522px) 100vw, 522px\" \/><\/a><\/figure>\n\n\n\n<p>\u201eDie Menschlichkeit verbindet die europ\u00e4ischen L\u00e4nder.\u201c<\/p>\n<\/div>\n\n\n\n<div class=\"wp-block-column is-layout-flow wp-block-column-is-layout-flow\">\n<figure class=\"wp-block-image size-full\"><a href=\"https:\/\/pfaddervisionaere.de\/wp-content\/uploads\/2026\/videos\/video_40.mp4\"><img loading=\"lazy\" decoding=\"async\" width=\"522\" height=\"396\" src=\"https:\/\/pfaddervisionaere.de\/wp-content\/uploads\/2026\/03\/40.jpg\" alt=\"\" class=\"wp-image-1231\" srcset=\"https:\/\/pfaddervisionaere.de\/wp-content\/uploads\/2026\/03\/40.jpg 522w, https:\/\/pfaddervisionaere.de\/wp-content\/uploads\/2026\/03\/40-300x228.jpg 300w, https:\/\/pfaddervisionaere.de\/wp-content\/uploads\/2026\/03\/40-16x12.jpg 16w\" sizes=\"auto, (max-width: 522px) 100vw, 522px\" \/><\/a><\/figure>\n\n\n\n<p>\u201eIch f\u00fchle mich zu Hause in Europa.\u201c<\/p>\n<\/div>\n<\/div>\n\n\n\n<div class=\"wp-block-columns is-layout-flex wp-container-core-columns-is-layout-9d6595d7 wp-block-columns-is-layout-flex\">\n<div class=\"wp-block-column is-layout-flow wp-block-column-is-layout-flow\">\n<figure class=\"wp-block-image size-full\"><a href=\"https:\/\/pfaddervisionaere.de\/wp-content\/uploads\/2026\/videos\/video_41.mp4\"><img loading=\"lazy\" decoding=\"async\" width=\"522\" height=\"396\" src=\"https:\/\/pfaddervisionaere.de\/wp-content\/uploads\/2026\/03\/41.jpg\" alt=\"\" class=\"wp-image-1232\" srcset=\"https:\/\/pfaddervisionaere.de\/wp-content\/uploads\/2026\/03\/41.jpg 522w, https:\/\/pfaddervisionaere.de\/wp-content\/uploads\/2026\/03\/41-300x228.jpg 300w, https:\/\/pfaddervisionaere.de\/wp-content\/uploads\/2026\/03\/41-16x12.jpg 16w\" sizes=\"auto, (max-width: 522px) 100vw, 522px\" \/><\/a><\/figure>\n\n\n\n<p>\u201eEuropa baut ziemlich gute Schulen.\u201c<\/p>\n<\/div>\n\n\n\n<div class=\"wp-block-column is-layout-flow wp-block-column-is-layout-flow\">\n<figure class=\"wp-block-image size-full\"><a href=\"https:\/\/pfaddervisionaere.de\/wp-content\/uploads\/2026\/videos\/video_42.mp4\"><img loading=\"lazy\" decoding=\"async\" width=\"522\" height=\"396\" src=\"https:\/\/pfaddervisionaere.de\/wp-content\/uploads\/2026\/03\/42.jpg\" alt=\"\" class=\"wp-image-1233\" srcset=\"https:\/\/pfaddervisionaere.de\/wp-content\/uploads\/2026\/03\/42.jpg 522w, https:\/\/pfaddervisionaere.de\/wp-content\/uploads\/2026\/03\/42-300x228.jpg 300w, https:\/\/pfaddervisionaere.de\/wp-content\/uploads\/2026\/03\/42-16x12.jpg 16w\" sizes=\"auto, (max-width: 522px) 100vw, 522px\" \/><\/a><\/figure>\n\n\n\n<p>\u201eIch f\u00fcrchte, dass es instabil wird.\u201c<\/p>\n<\/div>\n\n\n\n<div class=\"wp-block-column is-layout-flow wp-block-column-is-layout-flow\">\n<figure class=\"wp-block-image size-full\"><a href=\"https:\/\/pfaddervisionaere.de\/wp-content\/uploads\/2026\/videos\/video_43.mp4\"><img loading=\"lazy\" decoding=\"async\" width=\"522\" height=\"396\" src=\"https:\/\/pfaddervisionaere.de\/wp-content\/uploads\/2026\/03\/43.jpg\" alt=\"\" class=\"wp-image-1234\" srcset=\"https:\/\/pfaddervisionaere.de\/wp-content\/uploads\/2026\/03\/43.jpg 522w, https:\/\/pfaddervisionaere.de\/wp-content\/uploads\/2026\/03\/43-300x228.jpg 300w, https:\/\/pfaddervisionaere.de\/wp-content\/uploads\/2026\/03\/43-16x12.jpg 16w\" sizes=\"auto, (max-width: 522px) 100vw, 522px\" \/><\/a><\/figure>\n\n\n\n<p>\u201eDie demokratischen Werte verbinden die L\u00e4nder miteinander.\u201c<\/p>\n<\/div>\n<\/div>\n\n\n\n<div class=\"wp-block-columns is-layout-flex wp-container-core-columns-is-layout-9d6595d7 wp-block-columns-is-layout-flex\">\n<div class=\"wp-block-column is-layout-flow wp-block-column-is-layout-flow\">\n<figure class=\"wp-block-image size-full\"><a href=\"https:\/\/pfaddervisionaere.de\/wp-content\/uploads\/2026\/videos\/video_44.mp4\"><img loading=\"lazy\" decoding=\"async\" width=\"522\" height=\"396\" src=\"https:\/\/pfaddervisionaere.de\/wp-content\/uploads\/2026\/03\/44.jpg\" alt=\"\" class=\"wp-image-1235\" srcset=\"https:\/\/pfaddervisionaere.de\/wp-content\/uploads\/2026\/03\/44.jpg 522w, https:\/\/pfaddervisionaere.de\/wp-content\/uploads\/2026\/03\/44-300x228.jpg 300w, https:\/\/pfaddervisionaere.de\/wp-content\/uploads\/2026\/03\/44-16x12.jpg 16w\" sizes=\"auto, (max-width: 522px) 100vw, 522px\" \/><\/a><\/figure>\n\n\n\n<p>\u201eJe vielf\u00e4ltiger, desto st\u00e4rker ist man.\u201c<\/p>\n<\/div>\n\n\n\n<div class=\"wp-block-column is-layout-flow wp-block-column-is-layout-flow\">\n<figure class=\"wp-block-image size-full\"><a href=\"https:\/\/pfaddervisionaere.de\/wp-content\/uploads\/2026\/videos\/video_45.mp4\"><img loading=\"lazy\" decoding=\"async\" width=\"522\" height=\"396\" src=\"https:\/\/pfaddervisionaere.de\/wp-content\/uploads\/2026\/03\/45.jpg\" alt=\"\" class=\"wp-image-1236\" srcset=\"https:\/\/pfaddervisionaere.de\/wp-content\/uploads\/2026\/03\/45.jpg 522w, https:\/\/pfaddervisionaere.de\/wp-content\/uploads\/2026\/03\/45-300x228.jpg 300w, https:\/\/pfaddervisionaere.de\/wp-content\/uploads\/2026\/03\/45-16x12.jpg 16w\" sizes=\"auto, (max-width: 522px) 100vw, 522px\" \/><\/a><\/figure>\n\n\n\n<p>\u201eMehr Geld f\u00fcr Klimaschutz, Gleichberechtigung und im sozialen Bereich ausgeben.\u201c<\/p>\n<\/div>\n\n\n\n<div class=\"wp-block-column is-layout-flow wp-block-column-is-layout-flow\">\n<figure class=\"wp-block-image size-full\"><a href=\"https:\/\/pfaddervisionaere.de\/wp-content\/uploads\/2026\/videos\/video_46.mp4\"><img loading=\"lazy\" decoding=\"async\" width=\"522\" height=\"396\" src=\"https:\/\/pfaddervisionaere.de\/wp-content\/uploads\/2026\/03\/46.jpg\" alt=\"\" class=\"wp-image-1237\" srcset=\"https:\/\/pfaddervisionaere.de\/wp-content\/uploads\/2026\/03\/46.jpg 522w, https:\/\/pfaddervisionaere.de\/wp-content\/uploads\/2026\/03\/46-300x228.jpg 300w, https:\/\/pfaddervisionaere.de\/wp-content\/uploads\/2026\/03\/46-16x12.jpg 16w\" sizes=\"auto, (max-width: 522px) 100vw, 522px\" \/><\/a><\/figure>\n\n\n\n<p>\u201eWir brauchen viel Reden in Europa.\u201c<\/p>\n<\/div>\n<\/div>\n\n\n\n<div class=\"wp-block-columns is-layout-flex wp-container-core-columns-is-layout-9d6595d7 wp-block-columns-is-layout-flex\">\n<div class=\"wp-block-column is-layout-flow wp-block-column-is-layout-flow\">\n<figure class=\"wp-block-image size-full\"><a href=\"https:\/\/pfaddervisionaere.de\/wp-content\/uploads\/2026\/videos\/video_47.mp4\"><img loading=\"lazy\" decoding=\"async\" width=\"522\" height=\"396\" src=\"https:\/\/pfaddervisionaere.de\/wp-content\/uploads\/2026\/03\/47.jpg\" alt=\"\" class=\"wp-image-1238\" srcset=\"https:\/\/pfaddervisionaere.de\/wp-content\/uploads\/2026\/03\/47.jpg 522w, https:\/\/pfaddervisionaere.de\/wp-content\/uploads\/2026\/03\/47-300x228.jpg 300w, https:\/\/pfaddervisionaere.de\/wp-content\/uploads\/2026\/03\/47-16x12.jpg 16w\" sizes=\"auto, (max-width: 522px) 100vw, 522px\" \/><\/a><\/figure>\n\n\n\n<p>\u201eLeute kommen mehr ins Gespr\u00e4ch und feinden sich nicht so an.\u201c<\/p>\n<\/div>\n\n\n\n<div class=\"wp-block-column is-layout-flow wp-block-column-is-layout-flow\">\n<figure class=\"wp-block-image size-full\"><a href=\"https:\/\/pfaddervisionaere.de\/wp-content\/uploads\/2026\/videos\/video_48.mp4\"><img loading=\"lazy\" decoding=\"async\" width=\"522\" height=\"396\" src=\"https:\/\/pfaddervisionaere.de\/wp-content\/uploads\/2026\/03\/48.jpg\" alt=\"\" class=\"wp-image-1239\" srcset=\"https:\/\/pfaddervisionaere.de\/wp-content\/uploads\/2026\/03\/48.jpg 522w, https:\/\/pfaddervisionaere.de\/wp-content\/uploads\/2026\/03\/48-300x228.jpg 300w, https:\/\/pfaddervisionaere.de\/wp-content\/uploads\/2026\/03\/48-16x12.jpg 16w\" sizes=\"auto, (max-width: 522px) 100vw, 522px\" \/><\/a><\/figure>\n\n\n\n<p>\u201eDer Zusammenhalt ist vorteilhaft, wirtschaftlich und gesellschaftlich.\u201c<\/p>\n<\/div>\n\n\n\n<div class=\"wp-block-column is-layout-flow wp-block-column-is-layout-flow\">\n<figure class=\"wp-block-image size-full\"><a href=\"https:\/\/pfaddervisionaere.de\/wp-content\/uploads\/2026\/videos\/video_49.mp4\"><img loading=\"lazy\" decoding=\"async\" width=\"522\" height=\"396\" src=\"https:\/\/pfaddervisionaere.de\/wp-content\/uploads\/2026\/03\/49.jpg\" alt=\"\" class=\"wp-image-1240\" srcset=\"https:\/\/pfaddervisionaere.de\/wp-content\/uploads\/2026\/03\/49.jpg 522w, https:\/\/pfaddervisionaere.de\/wp-content\/uploads\/2026\/03\/49-300x228.jpg 300w, https:\/\/pfaddervisionaere.de\/wp-content\/uploads\/2026\/03\/49-16x12.jpg 16w\" sizes=\"auto, (max-width: 522px) 100vw, 522px\" \/><\/a><\/figure>\n\n\n\n<p>\u201eMan kann \u00fcberall versorgt werden, wenn man krank ist.\u201c<\/p>\n<\/div>\n<\/div>\n\n\n\n<div class=\"wp-block-columns is-layout-flex wp-container-core-columns-is-layout-9d6595d7 wp-block-columns-is-layout-flex\">\n<div class=\"wp-block-column is-layout-flow wp-block-column-is-layout-flow\">\n<figure class=\"wp-block-image size-full\"><a href=\"https:\/\/pfaddervisionaere.de\/wp-content\/uploads\/2026\/videos\/video_50.mp4\"><img loading=\"lazy\" decoding=\"async\" width=\"522\" height=\"396\" src=\"https:\/\/pfaddervisionaere.de\/wp-content\/uploads\/2026\/03\/50.jpg\" alt=\"\" class=\"wp-image-1241\" srcset=\"https:\/\/pfaddervisionaere.de\/wp-content\/uploads\/2026\/03\/50.jpg 522w, https:\/\/pfaddervisionaere.de\/wp-content\/uploads\/2026\/03\/50-300x228.jpg 300w, https:\/\/pfaddervisionaere.de\/wp-content\/uploads\/2026\/03\/50-16x12.jpg 16w\" sizes=\"auto, (max-width: 522px) 100vw, 522px\" \/><\/a><\/figure>\n\n\n\n<p>\u201eEs braucht eine neue politische Richtung.\u201c<\/p>\n<\/div>\n\n\n\n<div class=\"wp-block-column is-layout-flow wp-block-column-is-layout-flow\"><\/div>\n\n\n\n<div class=\"wp-block-column is-layout-flow wp-block-column-is-layout-flow\"><\/div>\n<\/div>","protected":false},"excerpt":{"rendered":"<p>W\u00e4hrend der Aktion EUROPA? \u2013 BESSER ZUSAMMEN! wurden am 21. und 22. Oktober 2025 auf dem Mehringplatz Interviews mit Nachbar*innen und Besucher*innen gef\u00fchrt. &#8222;Gemeinsam sind wir&#46;&#46;&#46;<\/p>","protected":false},"author":2,"featured_media":0,"parent":0,"menu_order":0,"comment_status":"closed","ping_status":"closed","template":"","meta":{"ub_ctt_via":"","pgc_sgb_lightbox_settings":"","footnotes":""},"class_list":["post-1159","page","type-page","status-publish","hentry"],"featured_image_src":null,"_links":{"self":[{"href":"https:\/\/pfaddervisionaere.de\/en\/wp-json\/wp\/v2\/pages\/1159","targetHints":{"allow":["GET"]}}],"collection":[{"href":"https:\/\/pfaddervisionaere.de\/en\/wp-json\/wp\/v2\/pages"}],"about":[{"href":"https:\/\/pfaddervisionaere.de\/en\/wp-json\/wp\/v2\/types\/page"}],"author":[{"embeddable":true,"href":"https:\/\/pfaddervisionaere.de\/en\/wp-json\/wp\/v2\/users\/2"}],"replies":[{"embeddable":true,"href":"https:\/\/pfaddervisionaere.de\/en\/wp-json\/wp\/v2\/comments?post=1159"}],"version-history":[{"count":23,"href":"https:\/\/pfaddervisionaere.de\/en\/wp-json\/wp\/v2\/pages\/1159\/revisions"}],"predecessor-version":[{"id":1256,"href":"https:\/\/pfaddervisionaere.de\/en\/wp-json\/wp\/v2\/pages\/1159\/revisions\/1256"}],"wp:attachment":[{"href":"https:\/\/pfaddervisionaere.de\/en\/wp-json\/wp\/v2\/media?parent=1159"}],"curies":[{"name":"wp","href":"https:\/\/api.w.org\/{rel}","templated":true}]}}